{"id":681,"date":"2022-12-28T18:16:14","date_gmt":"2022-12-28T17:16:14","guid":{"rendered":"https:\/\/canmasdeu.net\/?page_id=681"},"modified":"2023-03-13T23:25:10","modified_gmt":"2023-03-13T22:25:10","slug":"huertos-comunitarios","status":"publish","type":"page","link":"https:\/\/canmasdeu.net\/ca\/huertos-comunitarios\/","title":{"rendered":"Horts Comunitaris"},"content":{"rendered":"<p>Els Horts Comunitaris de Can Masdeu s\u00f3n un moviment de reapropiaci\u00f3 ve\u00efnal de la terra\nnascut la tardor del 2002 sota l\u2019impuls d\u2019un aiguabarreig de joves, jubilats i fam\u00edlies diverses.&nbsp;<\/p>\n\n\n\n<p><\/p>\n\n\n\n<figure class=\"wp-block-gallery has-nested-images columns-default is-cropped wp-block-gallery-1 is-layout-flex wp-block-gallery-is-layout-flex\">\n<figure class=\"wp-block-image size-large\"><img loading=\"lazy\" decoding=\"async\" width=\"1024\" height=\"768\" data-id=\"1807\" src=\"https:\/\/canmasdeu.net\/wp-content\/uploads\/2023\/02\/1a-terraza-1-1024x768.jpg\" alt=\"\" class=\"wp-image-1807\" srcset=\"https:\/\/canmasdeu.net\/wp-content\/uploads\/2023\/02\/1a-terraza-1-1024x768.jpg 1024w, https:\/\/canmasdeu.net\/wp-content\/uploads\/2023\/02\/1a-terraza-1-300x225.jpg 300w, https:\/\/canmasdeu.net\/wp-content\/uploads\/2023\/02\/1a-terraza-1-768x576.jpg 768w, https:\/\/canmasdeu.net\/wp-content\/uploads\/2023\/02\/1a-terraza-1-16x12.jpg 16w, https:\/\/canmasdeu.net\/wp-content\/uploads\/2023\/02\/1a-terraza-1.jpg 1280w\" sizes=\"auto, (max-width: 1024px) 100vw, 1024px\" \/><\/figure>\n\n\n\n<figure class=\"wp-block-image size-large\"><img loading=\"lazy\" decoding=\"async\" width=\"1024\" height=\"682\" data-id=\"1854\" src=\"https:\/\/canmasdeu.net\/wp-content\/uploads\/2023\/02\/15-1024x682.jpg\" alt=\"\" class=\"wp-image-1854\" srcset=\"https:\/\/canmasdeu.net\/wp-content\/uploads\/2023\/02\/15-1024x682.jpg 1024w, https:\/\/canmasdeu.net\/wp-content\/uploads\/2023\/02\/15-300x200.jpg 300w, https:\/\/canmasdeu.net\/wp-content\/uploads\/2023\/02\/15-768x512.jpg 768w, https:\/\/canmasdeu.net\/wp-content\/uploads\/2023\/02\/15-18x12.jpg 18w, https:\/\/canmasdeu.net\/wp-content\/uploads\/2023\/02\/15.jpg 1280w\" sizes=\"auto, (max-width: 1024px) 100vw, 1024px\" \/><\/figure>\n\n\n\n<figure class=\"wp-block-image size-large\"><img loading=\"lazy\" decoding=\"async\" width=\"1024\" height=\"1024\" data-id=\"1841\" src=\"https:\/\/canmasdeu.net\/wp-content\/uploads\/2023\/02\/WhatsApp-Image-2021-04-14-at-13.05.52-1024x1024.jpg\" alt=\"\" class=\"wp-image-1841\" srcset=\"https:\/\/canmasdeu.net\/wp-content\/uploads\/2023\/02\/WhatsApp-Image-2021-04-14-at-13.05.52-1024x1024.jpg 1024w, https:\/\/canmasdeu.net\/wp-content\/uploads\/2023\/02\/WhatsApp-Image-2021-04-14-at-13.05.52-300x300.jpg 300w, https:\/\/canmasdeu.net\/wp-content\/uploads\/2023\/02\/WhatsApp-Image-2021-04-14-at-13.05.52-150x150.jpg 150w, https:\/\/canmasdeu.net\/wp-content\/uploads\/2023\/02\/WhatsApp-Image-2021-04-14-at-13.05.52-768x768.jpg 768w, https:\/\/canmasdeu.net\/wp-content\/uploads\/2023\/02\/WhatsApp-Image-2021-04-14-at-13.05.52-12x12.jpg 12w, https:\/\/canmasdeu.net\/wp-content\/uploads\/2023\/02\/WhatsApp-Image-2021-04-14-at-13.05.52.jpg 1280w\" sizes=\"auto, (max-width: 1024px) 100vw, 1024px\" \/><\/figure>\n<\/figure>\n\n\n\n<p><\/p>\n\n\n\n<p>Som un punt de trobada, una experi\u00e8ncia comunitaria d\u2019autoaprenentatge productiu que\ncomplementa la nostra dieta di\u00e0ria amb aliments frescos, locals i ecol\u00f2gics. Construim la comunitat entre totes, assistint a les assemblees mensuals i assumint tasques i responsabilitats. A l\u2019assemblea gestionem aspectes com l\u2019obtenci\u00f3 i la distribuci\u00f3 de l\u2019aigua, la terra i els fems, la rehabilitaci\u00f3 i el manteniment de les basses i el sistema centenari de reg, aix\u00ed com la participaci\u00f3 en la vida asociativa del barri.<\/p>\n\n\n\n<p><\/p>\n\n\n\n<figure class=\"wp-block-gallery has-nested-images columns-default is-cropped wp-block-gallery-2 is-layout-flex wp-block-gallery-is-layout-flex\">\n<figure class=\"wp-block-image size-large\"><img loading=\"lazy\" decoding=\"async\" width=\"1024\" height=\"1024\" data-id=\"1843\" src=\"https:\/\/canmasdeu.net\/wp-content\/uploads\/2023\/02\/WhatsApp-Image-2021-04-14-at-13.05.55-1-1024x1024.jpg\" alt=\"\" class=\"wp-image-1843\" srcset=\"https:\/\/canmasdeu.net\/wp-content\/uploads\/2023\/02\/WhatsApp-Image-2021-04-14-at-13.05.55-1-1024x1024.jpg 1024w, https:\/\/canmasdeu.net\/wp-content\/uploads\/2023\/02\/WhatsApp-Image-2021-04-14-at-13.05.55-1-300x300.jpg 300w, https:\/\/canmasdeu.net\/wp-content\/uploads\/2023\/02\/WhatsApp-Image-2021-04-14-at-13.05.55-1-150x150.jpg 150w, https:\/\/canmasdeu.net\/wp-content\/uploads\/2023\/02\/WhatsApp-Image-2021-04-14-at-13.05.55-1-768x768.jpg 768w, https:\/\/canmasdeu.net\/wp-content\/uploads\/2023\/02\/WhatsApp-Image-2021-04-14-at-13.05.55-1-12x12.jpg 12w, https:\/\/canmasdeu.net\/wp-content\/uploads\/2023\/02\/WhatsApp-Image-2021-04-14-at-13.05.55-1.jpg 1280w\" sizes=\"auto, (max-width: 1024px) 100vw, 1024px\" \/><\/figure>\n\n\n\n<figure class=\"wp-block-image size-large\"><img loading=\"lazy\" decoding=\"async\" width=\"1024\" height=\"768\" data-id=\"1844\" src=\"https:\/\/canmasdeu.net\/wp-content\/uploads\/2023\/02\/WhatsApp-Image-2021-11-14-at-23.03.30-1024x768.jpg\" alt=\"\" class=\"wp-image-1844\" srcset=\"https:\/\/canmasdeu.net\/wp-content\/uploads\/2023\/02\/WhatsApp-Image-2021-11-14-at-23.03.30-1024x768.jpg 1024w, https:\/\/canmasdeu.net\/wp-content\/uploads\/2023\/02\/WhatsApp-Image-2021-11-14-at-23.03.30-300x225.jpg 300w, https:\/\/canmasdeu.net\/wp-content\/uploads\/2023\/02\/WhatsApp-Image-2021-11-14-at-23.03.30-768x576.jpg 768w, https:\/\/canmasdeu.net\/wp-content\/uploads\/2023\/02\/WhatsApp-Image-2021-11-14-at-23.03.30-16x12.jpg 16w, https:\/\/canmasdeu.net\/wp-content\/uploads\/2023\/02\/WhatsApp-Image-2021-11-14-at-23.03.30.jpg 1280w\" sizes=\"auto, (max-width: 1024px) 100vw, 1024px\" \/><\/figure>\n\n\n\n<figure class=\"wp-block-image size-large\"><img loading=\"lazy\" decoding=\"async\" width=\"1024\" height=\"682\" data-id=\"1818\" src=\"https:\/\/canmasdeu.net\/wp-content\/uploads\/2023\/02\/Huerto-Can-Masdeu-abril-2015-086-1024x682.jpg\" alt=\"\" class=\"wp-image-1818\" srcset=\"https:\/\/canmasdeu.net\/wp-content\/uploads\/2023\/02\/Huerto-Can-Masdeu-abril-2015-086-1024x682.jpg 1024w, https:\/\/canmasdeu.net\/wp-content\/uploads\/2023\/02\/Huerto-Can-Masdeu-abril-2015-086-300x200.jpg 300w, https:\/\/canmasdeu.net\/wp-content\/uploads\/2023\/02\/Huerto-Can-Masdeu-abril-2015-086-768x512.jpg 768w, https:\/\/canmasdeu.net\/wp-content\/uploads\/2023\/02\/Huerto-Can-Masdeu-abril-2015-086-18x12.jpg 18w, https:\/\/canmasdeu.net\/wp-content\/uploads\/2023\/02\/Huerto-Can-Masdeu-abril-2015-086.jpg 1280w\" sizes=\"auto, (max-width: 1024px) 100vw, 1024px\" \/><\/figure>\n\n\n\n<figure class=\"wp-block-image size-large\"><img loading=\"lazy\" decoding=\"async\" width=\"576\" height=\"1024\" data-id=\"1828\" src=\"https:\/\/canmasdeu.net\/wp-content\/uploads\/2023\/02\/IMG-20210728-WA0000-576x1024.jpg\" alt=\"\" class=\"wp-image-1828\" srcset=\"https:\/\/canmasdeu.net\/wp-content\/uploads\/2023\/02\/IMG-20210728-WA0000-576x1024.jpg 576w, https:\/\/canmasdeu.net\/wp-content\/uploads\/2023\/02\/IMG-20210728-WA0000-169x300.jpg 169w, https:\/\/canmasdeu.net\/wp-content\/uploads\/2023\/02\/IMG-20210728-WA0000-7x12.jpg 7w, https:\/\/canmasdeu.net\/wp-content\/uploads\/2023\/02\/IMG-20210728-WA0000.jpg 720w\" sizes=\"auto, (max-width: 576px) 100vw, 576px\" \/><\/figure>\n\n\n\n<figure class=\"wp-block-image size-large\"><img loading=\"lazy\" decoding=\"async\" width=\"1024\" height=\"766\" data-id=\"1830\" src=\"https:\/\/canmasdeu.net\/wp-content\/uploads\/2023\/02\/IMG-20221124-WA0004-1024x766.jpg\" alt=\"\" class=\"wp-image-1830\" srcset=\"https:\/\/canmasdeu.net\/wp-content\/uploads\/2023\/02\/IMG-20221124-WA0004-1024x766.jpg 1024w, https:\/\/canmasdeu.net\/wp-content\/uploads\/2023\/02\/IMG-20221124-WA0004-300x224.jpg 300w, https:\/\/canmasdeu.net\/wp-content\/uploads\/2023\/02\/IMG-20221124-WA0004-768x574.jpg 768w, https:\/\/canmasdeu.net\/wp-content\/uploads\/2023\/02\/IMG-20221124-WA0004-16x12.jpg 16w, https:\/\/canmasdeu.net\/wp-content\/uploads\/2023\/02\/IMG-20221124-WA0004.jpg 1280w\" sizes=\"auto, (max-width: 1024px) 100vw, 1024px\" \/><\/figure>\n\n\n\n<figure class=\"wp-block-image size-large\"><img loading=\"lazy\" decoding=\"async\" width=\"1024\" height=\"683\" data-id=\"1836\" src=\"https:\/\/canmasdeu.net\/wp-content\/uploads\/2023\/02\/P1010026-1024x683.jpg\" alt=\"\" class=\"wp-image-1836\" srcset=\"https:\/\/canmasdeu.net\/wp-content\/uploads\/2023\/02\/P1010026-1024x683.jpg 1024w, https:\/\/canmasdeu.net\/wp-content\/uploads\/2023\/02\/P1010026-300x200.jpg 300w, https:\/\/canmasdeu.net\/wp-content\/uploads\/2023\/02\/P1010026-768x512.jpg 768w, https:\/\/canmasdeu.net\/wp-content\/uploads\/2023\/02\/P1010026-18x12.jpg 18w, https:\/\/canmasdeu.net\/wp-content\/uploads\/2023\/02\/P1010026.jpg 1280w\" sizes=\"auto, (max-width: 1024px) 100vw, 1024px\" \/><\/figure>\n\n\n\n<figure class=\"wp-block-image size-large\"><img loading=\"lazy\" decoding=\"async\" width=\"1024\" height=\"1024\" data-id=\"1827\" src=\"https:\/\/canmasdeu.net\/wp-content\/uploads\/2023\/02\/IMG_20211201_184103_124-1024x1024.jpg\" alt=\"\" class=\"wp-image-1827\" srcset=\"https:\/\/canmasdeu.net\/wp-content\/uploads\/2023\/02\/IMG_20211201_184103_124-1024x1024.jpg 1024w, https:\/\/canmasdeu.net\/wp-content\/uploads\/2023\/02\/IMG_20211201_184103_124-300x300.jpg 300w, https:\/\/canmasdeu.net\/wp-content\/uploads\/2023\/02\/IMG_20211201_184103_124-150x150.jpg 150w, https:\/\/canmasdeu.net\/wp-content\/uploads\/2023\/02\/IMG_20211201_184103_124-768x768.jpg 768w, https:\/\/canmasdeu.net\/wp-content\/uploads\/2023\/02\/IMG_20211201_184103_124-12x12.jpg 12w, https:\/\/canmasdeu.net\/wp-content\/uploads\/2023\/02\/IMG_20211201_184103_124.jpg 1200w\" sizes=\"auto, (max-width: 1024px) 100vw, 1024px\" \/><\/figure>\n\n\n\n<figure class=\"wp-block-image size-large\"><img loading=\"lazy\" decoding=\"async\" width=\"768\" height=\"1024\" data-id=\"1837\" src=\"https:\/\/canmasdeu.net\/wp-content\/uploads\/2023\/02\/P1050020-768x1024.jpg\" alt=\"\" class=\"wp-image-1837\" srcset=\"https:\/\/canmasdeu.net\/wp-content\/uploads\/2023\/02\/P1050020-768x1024.jpg 768w, https:\/\/canmasdeu.net\/wp-content\/uploads\/2023\/02\/P1050020-225x300.jpg 225w, https:\/\/canmasdeu.net\/wp-content\/uploads\/2023\/02\/P1050020-9x12.jpg 9w, https:\/\/canmasdeu.net\/wp-content\/uploads\/2023\/02\/P1050020.jpg 960w\" sizes=\"auto, (max-width: 768px) 100vw, 768px\" \/><\/figure>\n\n\n\n<figure class=\"wp-block-image size-large\"><img loading=\"lazy\" decoding=\"async\" width=\"1024\" height=\"768\" data-id=\"1825\" src=\"https:\/\/canmasdeu.net\/wp-content\/uploads\/2023\/02\/IMG_4681-1024x768.jpg\" alt=\"\" class=\"wp-image-1825\" srcset=\"https:\/\/canmasdeu.net\/wp-content\/uploads\/2023\/02\/IMG_4681-1024x768.jpg 1024w, https:\/\/canmasdeu.net\/wp-content\/uploads\/2023\/02\/IMG_4681-300x225.jpg 300w, https:\/\/canmasdeu.net\/wp-content\/uploads\/2023\/02\/IMG_4681-768x576.jpg 768w, https:\/\/canmasdeu.net\/wp-content\/uploads\/2023\/02\/IMG_4681-16x12.jpg 16w, https:\/\/canmasdeu.net\/wp-content\/uploads\/2023\/02\/IMG_4681.jpg 1280w\" sizes=\"auto, (max-width: 1024px) 100vw, 1024px\" \/><\/figure>\n\n\n\n<figure class=\"wp-block-image size-large\"><img loading=\"lazy\" decoding=\"async\" width=\"1024\" height=\"682\" data-id=\"1823\" src=\"https:\/\/canmasdeu.net\/wp-content\/uploads\/2023\/02\/IMG_4290-1024x682.jpg\" alt=\"\" class=\"wp-image-1823\" srcset=\"https:\/\/canmasdeu.net\/wp-content\/uploads\/2023\/02\/IMG_4290-1024x682.jpg 1024w, https:\/\/canmasdeu.net\/wp-content\/uploads\/2023\/02\/IMG_4290-300x200.jpg 300w, https:\/\/canmasdeu.net\/wp-content\/uploads\/2023\/02\/IMG_4290-768x512.jpg 768w, https:\/\/canmasdeu.net\/wp-content\/uploads\/2023\/02\/IMG_4290-18x12.jpg 18w, https:\/\/canmasdeu.net\/wp-content\/uploads\/2023\/02\/IMG_4290.jpg 1280w\" sizes=\"auto, (max-width: 1024px) 100vw, 1024px\" \/><\/figure>\n<\/figure>","protected":false},"excerpt":{"rendered":"<p>Los Huertos Comunitarios de Can Masdeu son un movimiento de reapropiaci\u00f3n vecinal de la tierra nacido en oto\u00f1o de 2002 bajo el impulso de una confluencia de j\u00f3venes, jubilados y familias diversas.&nbsp; Somos un punto de encuentro, una experiencia comunitaria de autoaprendizaje productivo que complementa nuestra dieta diaria con alimentos frescos, locales y ecol\u00f3gicos. Construimos [&hellip;]<\/p>\n","protected":false},"author":1,"featured_media":0,"parent":0,"menu_order":0,"comment_status":"closed","ping_status":"closed","template":"","meta":{"_uag_custom_page_level_css":"","cybocfi_hide_featured_image":"","footnotes":""},"class_list":["post-681","page","type-page","status-publish","hentry"],"uagb_featured_image_src":{"full":false,"thumbnail":false,"medium":false,"medium_large":false,"large":false,"1536x1536":false,"2048x2048":false,"trp-custom-language-flag":false},"uagb_author_info":{"display_name":"Admin \ud83e\ude84","author_link":"https:\/\/canmasdeu.net\/ca\/author\/canmasdeu42\/"},"uagb_comment_info":0,"uagb_excerpt":"Los Huertos Comunitarios de Can Masdeu son un movimiento de reapropiaci\u00f3n vecinal de la tierra nacido en oto\u00f1o de 2002 bajo el impulso de una confluencia de j\u00f3venes, jubilados y familias diversas.&nbsp; Somos un punto de encuentro, una experiencia comunitaria de autoaprendizaje productivo que complementa nuestra dieta diaria con alimentos frescos, locales y ecol\u00f3gicos. Construimos&hellip;","_links":{"self":[{"href":"https:\/\/canmasdeu.net\/ca\/wp-json\/wp\/v2\/pages\/681","targetHints":{"allow":["GET"]}}],"collection":[{"href":"https:\/\/canmasdeu.net\/ca\/wp-json\/wp\/v2\/pages"}],"about":[{"href":"https:\/\/canmasdeu.net\/ca\/wp-json\/wp\/v2\/types\/page"}],"author":[{"embeddable":true,"href":"https:\/\/canmasdeu.net\/ca\/wp-json\/wp\/v2\/users\/1"}],"replies":[{"embeddable":true,"href":"https:\/\/canmasdeu.net\/ca\/wp-json\/wp\/v2\/comments?post=681"}],"version-history":[{"count":11,"href":"https:\/\/canmasdeu.net\/ca\/wp-json\/wp\/v2\/pages\/681\/revisions"}],"predecessor-version":[{"id":2115,"href":"https:\/\/canmasdeu.net\/ca\/wp-json\/wp\/v2\/pages\/681\/revisions\/2115"}],"wp:attachment":[{"href":"https:\/\/canmasdeu.net\/ca\/wp-json\/wp\/v2\/media?parent=681"}],"curies":[{"name":"wp","href":"https:\/\/api.w.org\/{rel}","templated":true}]}}