{"id":151,"date":"2022-12-04T20:33:47","date_gmt":"2022-12-04T19:33:47","guid":{"rendered":"https:\/\/canmasdeu.net\/?page_id=151"},"modified":"2024-10-21T18:12:35","modified_gmt":"2024-10-21T17:12:35","slug":"centro-social","status":"publish","type":"page","link":"https:\/\/canmasdeu.net\/ca\/centro-social\/","title":{"rendered":"PIC &#8211; Centro Social"},"content":{"rendered":"<p>&nbsp;<\/p>\r\n\r\n\r\n\r\n<p><strong>Qu\u00e8 \u00e9s?<\/strong><br \/>Es el centro social autogestionado de la Vall de Can Masdeu; nuestro Punto de Interacci\u00f3n en Collserola: PIC<\/p>\r\n<p>Cada jornada oberta \u00e9s dinamitzada i programada per un col\u00b7lectiu diferent, generalment de l'\u00e0rea metropolitana, mentre que la coordinaci\u00f3 log\u00edstica de l'espai duu a terme una comissi\u00f3 de treball<\/p>\r\n\r\n\r\n\r\n\r\n\r\n<p><strong>Com consulto la programaci\u00f3?<\/strong><br \/>Pots consultar aquesta p\u00e0gina. Tamb\u00e9 pots trobar-nos a les xarxes socials: <a href=\"https:\/\/t.me\/canmasdeu\">Telegram<\/a>, <a href=\"https:\/\/www.facebook.com\/canmasdeu\">Facebook<\/a> o <a href=\"https:\/\/www.instagram.com\/canmasdeu\/\" data-type=\"URL\" data-id=\"https:\/\/www.instagram.com\/canmasdeu\/\">Instagram<\/a>.<\/p>\r\n\r\n\r\n\r\n<figure class=\"wp-block-gallery has-nested-images columns-default is-cropped wp-block-gallery-1 is-layout-flex wp-block-gallery-is-layout-flex\">\r\n<figure class=\"wp-block-image size-large\"><img loading=\"lazy\" decoding=\"async\" width=\"1024\" height=\"680\" data-id=\"1913\" class=\"wp-image-1913\" src=\"https:\/\/canmasdeu.net\/wp-content\/uploads\/2023\/02\/masdeu-37-1024x680.jpg\" alt=\"\" srcset=\"https:\/\/canmasdeu.net\/wp-content\/uploads\/2023\/02\/masdeu-37-1024x680.jpg 1024w, https:\/\/canmasdeu.net\/wp-content\/uploads\/2023\/02\/masdeu-37-300x199.jpg 300w, https:\/\/canmasdeu.net\/wp-content\/uploads\/2023\/02\/masdeu-37-768x510.jpg 768w, https:\/\/canmasdeu.net\/wp-content\/uploads\/2023\/02\/masdeu-37-18x12.jpg 18w, https:\/\/canmasdeu.net\/wp-content\/uploads\/2023\/02\/masdeu-37.jpg 1280w\" sizes=\"auto, (max-width: 1024px) 100vw, 1024px\" \/><\/figure>\r\n\r\n\r\n\r\n<figure class=\"wp-block-image size-large\"><img loading=\"lazy\" decoding=\"async\" width=\"680\" height=\"1024\" data-id=\"1912\" class=\"wp-image-1912\" src=\"https:\/\/canmasdeu.net\/wp-content\/uploads\/2023\/02\/masdeu-32-680x1024.jpg\" alt=\"\" srcset=\"https:\/\/canmasdeu.net\/wp-content\/uploads\/2023\/02\/masdeu-32-680x1024.jpg 680w, https:\/\/canmasdeu.net\/wp-content\/uploads\/2023\/02\/masdeu-32-199x300.jpg 199w, https:\/\/canmasdeu.net\/wp-content\/uploads\/2023\/02\/masdeu-32-768x1157.jpg 768w, https:\/\/canmasdeu.net\/wp-content\/uploads\/2023\/02\/masdeu-32-8x12.jpg 8w, https:\/\/canmasdeu.net\/wp-content\/uploads\/2023\/02\/masdeu-32.jpg 850w\" sizes=\"auto, (max-width: 680px) 100vw, 680px\" \/><\/figure>\r\n\r\n\r\n\r\n<figure class=\"wp-block-image size-large\"><img loading=\"lazy\" decoding=\"async\" width=\"1024\" height=\"682\" data-id=\"1905\" class=\"wp-image-1905\" src=\"https:\/\/canmasdeu.net\/wp-content\/uploads\/2023\/02\/244-1024x682.jpg\" alt=\"\" srcset=\"https:\/\/canmasdeu.net\/wp-content\/uploads\/2023\/02\/244-1024x682.jpg 1024w, https:\/\/canmasdeu.net\/wp-content\/uploads\/2023\/02\/244-300x200.jpg 300w, https:\/\/canmasdeu.net\/wp-content\/uploads\/2023\/02\/244-768x512.jpg 768w, https:\/\/canmasdeu.net\/wp-content\/uploads\/2023\/02\/244-18x12.jpg 18w, https:\/\/canmasdeu.net\/wp-content\/uploads\/2023\/02\/244.jpg 1280w\" sizes=\"auto, (max-width: 1024px) 100vw, 1024px\" \/><\/figure>\r\n\r\n<figcaption class=\"blocks-gallery-caption wp-element-caption\">Cada evento PIC ofrece comida y bebidas ecologicas a precios populares.<\/figcaption>\r\n<\/figure>\r\n\r\n\r\n<div class=\"wp-block-uagb-faq uagb-faq__outer-wrap uagb-block-2c39c0a8 uagb-faq-icon-row uagb-faq-layout-accordion uagb-faq-expand-first-true uagb-faq-inactive-other-true uagb-faq__wrap uagb-buttons-layout-wrap uagb-faq-equal-height\" data-faqtoggle=\"true\" role=\"tablist\"><div class=\"wp-block-uagb-faq-child uagb-faq-child__outer-wrap uagb-faq-item uagb-block-ee936f4b\" role=\"tab\" tabindex=\"0\"><div class=\"uagb-faq-questions-button uagb-faq-questions\">\t\t\t<span class=\"uagb-icon uagb-faq-icon-wrap\">\n\t\t\t\t\t\t\t\t<svg xmlns=\"https:\/\/www.w3.org\/2000\/svg\" viewbox= \"0 0 448 512\"><path d=\"M432 256c0 17.69-14.33 32.01-32 32.01H256v144c0 17.69-14.33 31.99-32 31.99s-32-14.3-32-31.99v-144H48c-17.67 0-32-14.32-32-32.01s14.33-31.99 32-31.99H192v-144c0-17.69 14.33-32.01 32-32.01s32 14.32 32 32.01v144h144C417.7 224 432 238.3 432 256z\"><\/path><\/svg>\n\t\t\t\t\t\t\t<\/span>\n\t\t\t\t\t\t<span class=\"uagb-icon-active uagb-faq-icon-wrap\">\n\t\t\t\t\t\t\t\t<svg xmlns=\"https:\/\/www.w3.org\/2000\/svg\" viewbox= \"0 0 448 512\"><path d=\"M400 288h-352c-17.69 0-32-14.32-32-32.01s14.31-31.99 32-31.99h352c17.69 0 32 14.3 32 31.99S417.7 288 400 288z\"><\/path><\/svg>\n\t\t\t\t\t\t\t<\/span>\n\t\t\t<span class=\"uagb-question\"><strong>Quins dies \u00e9s obert?<\/strong><\/span><\/div><div class=\"uagb-faq-content\"><p>Els dies oberts al p\u00fablic s\u00f3n gaireb\u00e9 sempre els diumenges (de vegades el dissabte), per\u00f2 aix\u00f2 no vol dir que tots els diumenges obrim. El millor \u00e9s consultar la programaci\u00f3 a dalt abans de venir.<\/p><\/div><\/div><div class=\"wp-block-uagb-faq-child uagb-faq-child__outer-wrap uagb-faq-item uagb-block-b568685e\" role=\"tab\" tabindex=\"0\"><div class=\"uagb-faq-questions-button uagb-faq-questions\">\t\t\t<span class=\"uagb-icon uagb-faq-icon-wrap\">\n\t\t\t\t\t\t\t\t<svg xmlns=\"https:\/\/www.w3.org\/2000\/svg\" viewbox= \"0 0 448 512\"><path d=\"M432 256c0 17.69-14.33 32.01-32 32.01H256v144c0 17.69-14.33 31.99-32 31.99s-32-14.3-32-31.99v-144H48c-17.67 0-32-14.32-32-32.01s14.33-31.99 32-31.99H192v-144c0-17.69 14.33-32.01 32-32.01s32 14.32 32 32.01v144h144C417.7 224 432 238.3 432 256z\"><\/path><\/svg>\n\t\t\t\t\t\t\t<\/span>\n\t\t\t\t\t\t<span class=\"uagb-icon-active uagb-faq-icon-wrap\">\n\t\t\t\t\t\t\t\t<svg xmlns=\"https:\/\/www.w3.org\/2000\/svg\" viewbox= \"0 0 448 512\"><path d=\"M400 288h-352c-17.69 0-32-14.32-32-32.01s14.31-31.99 32-31.99h352c17.69 0 32 14.3 32 31.99S417.7 288 400 288z\"><\/path><\/svg>\n\t\t\t\t\t\t\t<\/span>\n\t\t\t<span class=\"uagb-question\"><strong>Programaci\u00f3<\/strong><\/span><\/div><div class=\"uagb-faq-content\"><p>La programaci\u00f3 del PIC toca \u00e0mbits com l'agroecologia, la permacultura, la m\u00fasica, l'artesania, l'autogesti\u00f3 de la salut, el fes-t\u00fa, la dansa, el teatre, les lluites socials, l'ecologia pol\u00edtica i el pensament cr\u00edtic en general.<br><br>Els dies oberts podr\u00e0s trobar tallers, xerrades, projeccions, concerts i actuacions, totes gratu\u00eftes, ofertes per una gran diversitat de talleristes, activistes i artistes. Tamb\u00e9 podreu accedir als recursos permanents del PIC: la <em>Biblioteca<\/em> <em>la Botiga gratis, el Banc de Llavors i el Mural d'anuncis.<\/em>. I podreu gaudir de menjar popular ecol\u00f2gic i productes d'autorenta elaborats per artesans.<br><br>Alguns diumenges oberts tamb\u00e9 et podr\u00e0s sumar a una Ruta guiada pel projecte!<br><\/p><\/div><\/div><div class=\"wp-block-uagb-faq-child uagb-faq-child__outer-wrap uagb-faq-item uagb-block-8a2903d2\" role=\"tab\" tabindex=\"0\"><div class=\"uagb-faq-questions-button uagb-faq-questions\">\t\t\t<span class=\"uagb-icon uagb-faq-icon-wrap\">\n\t\t\t\t\t\t\t\t<svg xmlns=\"https:\/\/www.w3.org\/2000\/svg\" viewbox= \"0 0 448 512\"><path d=\"M432 256c0 17.69-14.33 32.01-32 32.01H256v144c0 17.69-14.33 31.99-32 31.99s-32-14.3-32-31.99v-144H48c-17.67 0-32-14.32-32-32.01s14.33-31.99 32-31.99H192v-144c0-17.69 14.33-32.01 32-32.01s32 14.32 32 32.01v144h144C417.7 224 432 238.3 432 256z\"><\/path><\/svg>\n\t\t\t\t\t\t\t<\/span>\n\t\t\t\t\t\t<span class=\"uagb-icon-active uagb-faq-icon-wrap\">\n\t\t\t\t\t\t\t\t<svg xmlns=\"https:\/\/www.w3.org\/2000\/svg\" viewbox= \"0 0 448 512\"><path d=\"M400 288h-352c-17.69 0-32-14.32-32-32.01s14.31-31.99 32-31.99h352c17.69 0 32 14.3 32 31.99S417.7 288 400 288z\"><\/path><\/svg>\n\t\t\t\t\t\t\t<\/span>\n\t\t\t<span class=\"uagb-question\"><strong>A qui ens dirigim?<\/strong><\/span><\/div><div class=\"uagb-faq-content\"><p>El PIC s'adre\u00e7a a tota mena de persones, tamb\u00e9 a les m\u00e9s petites. Compartim una programaci\u00f3 variada d'activitats culturals, pol\u00edtiques, art\u00edstiques i recreatives amb qu\u00e8 poden gaudir persones de totes edats. En algunes ocasions puntuals poden haver-hi esdeveniments no mixtos, exclusius per a adults o reservats a un grup concret, per\u00f2 sempre ho sabr\u00e0s pr\u00e8viament consultant la programaci\u00f3.<\/p><\/div><\/div><div class=\"wp-block-uagb-faq-child uagb-faq-child__outer-wrap uagb-faq-item uagb-block-a8f10c4c\" role=\"tab\" tabindex=\"0\"><div class=\"uagb-faq-questions-button uagb-faq-questions\">\t\t\t<span class=\"uagb-icon uagb-faq-icon-wrap\">\n\t\t\t\t\t\t\t\t<svg xmlns=\"https:\/\/www.w3.org\/2000\/svg\" viewbox= \"0 0 448 512\"><path d=\"M432 256c0 17.69-14.33 32.01-32 32.01H256v144c0 17.69-14.33 31.99-32 31.99s-32-14.3-32-31.99v-144H48c-17.67 0-32-14.32-32-32.01s14.33-31.99 32-31.99H192v-144c0-17.69 14.33-32.01 32-32.01s32 14.32 32 32.01v144h144C417.7 224 432 238.3 432 256z\"><\/path><\/svg>\n\t\t\t\t\t\t\t<\/span>\n\t\t\t\t\t\t<span class=\"uagb-icon-active uagb-faq-icon-wrap\">\n\t\t\t\t\t\t\t\t<svg xmlns=\"https:\/\/www.w3.org\/2000\/svg\" viewbox= \"0 0 448 512\"><path d=\"M400 288h-352c-17.69 0-32-14.32-32-32.01s14.31-31.99 32-31.99h352c17.69 0 32 14.3 32 31.99S417.7 288 400 288z\"><\/path><\/svg>\n\t\t\t\t\t\t\t<\/span>\n\t\t\t<span class=\"uagb-question\"><strong><strong>Quins dies esteu oberts?<\/strong><\/strong><strong>?<\/strong><\/span><\/div><div class=\"uagb-faq-content\"><p>Els dies oberts al p\u00fablic s\u00f3n gaireb\u00e9 sempre els diumenges (de vegades el dissabte), per\u00f2 aix\u00f2 no vol dir que tots els diumenges obrim. El millor \u00e9s consultar la programaci\u00f3 a dalt abans de venir.<\/p><\/div><\/div><div class=\"wp-block-uagb-faq-child uagb-faq-child__outer-wrap uagb-faq-item uagb-block-95e17ed6\" role=\"tab\" tabindex=\"0\"><div class=\"uagb-faq-questions-button uagb-faq-questions\">\t\t\t<span class=\"uagb-icon uagb-faq-icon-wrap\">\n\t\t\t\t\t\t\t\t<svg xmlns=\"https:\/\/www.w3.org\/2000\/svg\" viewbox= \"0 0 448 512\"><path d=\"M432 256c0 17.69-14.33 32.01-32 32.01H256v144c0 17.69-14.33 31.99-32 31.99s-32-14.3-32-31.99v-144H48c-17.67 0-32-14.32-32-32.01s14.33-31.99 32-31.99H192v-144c0-17.69 14.33-32.01 32-32.01s32 14.32 32 32.01v144h144C417.7 224 432 238.3 432 256z\"><\/path><\/svg>\n\t\t\t\t\t\t\t<\/span>\n\t\t\t\t\t\t<span class=\"uagb-icon-active uagb-faq-icon-wrap\">\n\t\t\t\t\t\t\t\t<svg xmlns=\"https:\/\/www.w3.org\/2000\/svg\" viewbox= \"0 0 448 512\"><path d=\"M400 288h-352c-17.69 0-32-14.32-32-32.01s14.31-31.99 32-31.99h352c17.69 0 32 14.3 32 31.99S417.7 288 400 288z\"><\/path><\/svg>\n\t\t\t\t\t\t\t<\/span>\n\t\t\t<span class=\"uagb-question\"><strong>T'agradaria participar-hi?<\/strong><\/span><\/div><div class=\"uagb-faq-content\"><p>Oferir alguna activitat, taller, concert, etc? <a href=\"https:\/\/forms.gle\/27gAshxRH3DkWxmY8\" data-type=\"URL\" data-id=\"https:\/\/forms.gle\/27gAshxRH3DkWxmY8\">Omple aquest Formulari.<\/a>.<br>Organitzar un esdeveniment amb algun col\u00b7lectiu potencialment af\u00ed? <a href=\"https:\/\/forms.gle\/4ATkJzq85QQ6dvzf7\" data-type=\"URL\" data-id=\"https:\/\/forms.gle\/4ATkJzq85QQ6dvzf7\">Omple aquest Formulari.<\/a> <br>Fer \u00fas de lespai per alguna causa social? <a href=\"mailto:pic@canmasdeu.net\">Contacteu-nos aqu\u00ed per correu.<\/a><br>\u00bfDonar un cop de m\u00e0 en la dinamitzaci\u00f3 del centre social? <a href=\"mailto:pic@canmasdeu.net\">Contacteu-nos aqu\u00ed per correu.<\/a><\/p><\/div><\/div><\/div>\r\n\r\n\r\n<p>&nbsp;<\/p>\r\n\r\n\r\n\r\n<p>&nbsp;<\/p>\r\n\r\n\r\n\r\n<figure class=\"wp-block-gallery has-nested-images columns-default is-cropped wp-block-gallery-2 is-layout-flex wp-block-gallery-is-layout-flex\">\r\n<figure class=\"wp-block-image size-large\"><img loading=\"lazy\" decoding=\"async\" width=\"957\" height=\"1024\" data-id=\"1046\" class=\"wp-image-1046\" src=\"https:\/\/canmasdeu.net\/wp-content\/uploads\/2023\/01\/Screenshot-2023-01-17-at-18.21.35-957x1024.png\" alt=\"\" srcset=\"https:\/\/canmasdeu.net\/wp-content\/uploads\/2023\/01\/Screenshot-2023-01-17-at-18.21.35-957x1024.png 957w, https:\/\/canmasdeu.net\/wp-content\/uploads\/2023\/01\/Screenshot-2023-01-17-at-18.21.35-280x300.png 280w, https:\/\/canmasdeu.net\/wp-content\/uploads\/2023\/01\/Screenshot-2023-01-17-at-18.21.35-768x822.png 768w, https:\/\/canmasdeu.net\/wp-content\/uploads\/2023\/01\/Screenshot-2023-01-17-at-18.21.35-1436x1536.png 1436w, https:\/\/canmasdeu.net\/wp-content\/uploads\/2023\/01\/Screenshot-2023-01-17-at-18.21.35.png 1630w\" sizes=\"auto, (max-width: 957px) 100vw, 957px\" \/><\/figure>\r\n\r\n\r\n\r\n<figure class=\"wp-block-image size-large\"><img loading=\"lazy\" decoding=\"async\" width=\"1024\" height=\"682\" data-id=\"1906\" class=\"wp-image-1906\" src=\"https:\/\/canmasdeu.net\/wp-content\/uploads\/2023\/02\/294-1024x682.jpg\" alt=\"\" srcset=\"https:\/\/canmasdeu.net\/wp-content\/uploads\/2023\/02\/294-1024x682.jpg 1024w, https:\/\/canmasdeu.net\/wp-content\/uploads\/2023\/02\/294-300x200.jpg 300w, https:\/\/canmasdeu.net\/wp-content\/uploads\/2023\/02\/294-768x512.jpg 768w, https:\/\/canmasdeu.net\/wp-content\/uploads\/2023\/02\/294-18x12.jpg 18w, https:\/\/canmasdeu.net\/wp-content\/uploads\/2023\/02\/294.jpg 1280w\" sizes=\"auto, (max-width: 1024px) 100vw, 1024px\" \/><\/figure>\r\n\r\n\r\n\r\n<figure class=\"wp-block-image size-large\"><img loading=\"lazy\" decoding=\"async\" width=\"1024\" height=\"1024\" data-id=\"1054\" class=\"wp-image-1054\" src=\"https:\/\/canmasdeu.net\/wp-content\/uploads\/2023\/01\/Screenshot-2023-01-17-at-18.21.06-1024x1024.png\" alt=\"\" srcset=\"https:\/\/canmasdeu.net\/wp-content\/uploads\/2023\/01\/Screenshot-2023-01-17-at-18.21.06-1024x1024.png 1024w, https:\/\/canmasdeu.net\/wp-content\/uploads\/2023\/01\/Screenshot-2023-01-17-at-18.21.06-300x300.png 300w, https:\/\/canmasdeu.net\/wp-content\/uploads\/2023\/01\/Screenshot-2023-01-17-at-18.21.06-150x150.png 150w, https:\/\/canmasdeu.net\/wp-content\/uploads\/2023\/01\/Screenshot-2023-01-17-at-18.21.06-768x767.png 768w, https:\/\/canmasdeu.net\/wp-content\/uploads\/2023\/01\/Screenshot-2023-01-17-at-18.21.06-1536x1534.png 1536w, https:\/\/canmasdeu.net\/wp-content\/uploads\/2023\/01\/Screenshot-2023-01-17-at-18.21.06.png 1766w\" sizes=\"auto, (max-width: 1024px) 100vw, 1024px\" \/><\/figure>\r\n\r\n\r\n\r\n<figure class=\"wp-block-image size-large\"><img loading=\"lazy\" decoding=\"async\" width=\"975\" height=\"1024\" data-id=\"1048\" class=\"wp-image-1048\" src=\"https:\/\/canmasdeu.net\/wp-content\/uploads\/2023\/01\/Screenshot-2023-01-17-at-18.18.52-975x1024.png\" alt=\"\" srcset=\"https:\/\/canmasdeu.net\/wp-content\/uploads\/2023\/01\/Screenshot-2023-01-17-at-18.18.52-975x1024.png 975w, https:\/\/canmasdeu.net\/wp-content\/uploads\/2023\/01\/Screenshot-2023-01-17-at-18.18.52-286x300.png 286w, https:\/\/canmasdeu.net\/wp-content\/uploads\/2023\/01\/Screenshot-2023-01-17-at-18.18.52-768x806.png 768w, https:\/\/canmasdeu.net\/wp-content\/uploads\/2023\/01\/Screenshot-2023-01-17-at-18.18.52-1463x1536.png 1463w, https:\/\/canmasdeu.net\/wp-content\/uploads\/2023\/01\/Screenshot-2023-01-17-at-18.18.52.png 1676w\" sizes=\"auto, (max-width: 975px) 100vw, 975px\" \/><\/figure>\r\n\r\n\r\n\r\n<figure class=\"wp-block-image size-large\"><img loading=\"lazy\" decoding=\"async\" width=\"1024\" height=\"682\" data-id=\"1909\" class=\"wp-image-1909\" src=\"https:\/\/canmasdeu.net\/wp-content\/uploads\/2023\/02\/Guillem-1024x682.jpg\" alt=\"\" srcset=\"https:\/\/canmasdeu.net\/wp-content\/uploads\/2023\/02\/Guillem-1024x682.jpg 1024w, https:\/\/canmasdeu.net\/wp-content\/uploads\/2023\/02\/Guillem-300x200.jpg 300w, https:\/\/canmasdeu.net\/wp-content\/uploads\/2023\/02\/Guillem-768x512.jpg 768w, https:\/\/canmasdeu.net\/wp-content\/uploads\/2023\/02\/Guillem-18x12.jpg 18w, https:\/\/canmasdeu.net\/wp-content\/uploads\/2023\/02\/Guillem.jpg 1280w\" sizes=\"auto, (max-width: 1024px) 100vw, 1024px\" \/><\/figure>\r\n\r\n\r\n\r\n<figure class=\"wp-block-image size-large\"><img loading=\"lazy\" decoding=\"async\" width=\"1024\" height=\"670\" data-id=\"1907\" class=\"wp-image-1907\" src=\"https:\/\/canmasdeu.net\/wp-content\/uploads\/2023\/02\/1615671582520-1024x670.jpg\" alt=\"\" srcset=\"https:\/\/canmasdeu.net\/wp-content\/uploads\/2023\/02\/1615671582520-1024x670.jpg 1024w, https:\/\/canmasdeu.net\/wp-content\/uploads\/2023\/02\/1615671582520-300x196.jpg 300w, https:\/\/canmasdeu.net\/wp-content\/uploads\/2023\/02\/1615671582520-768x503.jpg 768w, https:\/\/canmasdeu.net\/wp-content\/uploads\/2023\/02\/1615671582520-18x12.jpg 18w, https:\/\/canmasdeu.net\/wp-content\/uploads\/2023\/02\/1615671582520.jpg 1280w\" sizes=\"auto, (max-width: 1024px) 100vw, 1024px\" \/><\/figure>\r\n\r\n\r\n\r\n<figure class=\"wp-block-image size-large\"><img loading=\"lazy\" decoding=\"async\" width=\"1024\" height=\"660\" data-id=\"1052\" class=\"wp-image-1052\" src=\"https:\/\/canmasdeu.net\/wp-content\/uploads\/2023\/01\/Screenshot-2023-01-17-at-18.18.08-1024x660.png\" alt=\"\" srcset=\"https:\/\/canmasdeu.net\/wp-content\/uploads\/2023\/01\/Screenshot-2023-01-17-at-18.18.08-1024x660.png 1024w, https:\/\/canmasdeu.net\/wp-content\/uploads\/2023\/01\/Screenshot-2023-01-17-at-18.18.08-300x193.png 300w, https:\/\/canmasdeu.net\/wp-content\/uploads\/2023\/01\/Screenshot-2023-01-17-at-18.18.08-768x495.png 768w, https:\/\/canmasdeu.net\/wp-content\/uploads\/2023\/01\/Screenshot-2023-01-17-at-18.18.08-1536x989.png 1536w, https:\/\/canmasdeu.net\/wp-content\/uploads\/2023\/01\/Screenshot-2023-01-17-at-18.18.08.png 1810w\" sizes=\"auto, (max-width: 1024px) 100vw, 1024px\" \/><\/figure>\r\n\r\n\r\n\r\n<figure class=\"wp-block-image size-large\"><img loading=\"lazy\" decoding=\"async\" width=\"1024\" height=\"1021\" data-id=\"1056\" class=\"wp-image-1056\" src=\"https:\/\/canmasdeu.net\/wp-content\/uploads\/2023\/01\/Screenshot-2023-01-17-at-18.23.34-1024x1021.png\" alt=\"\" srcset=\"https:\/\/canmasdeu.net\/wp-content\/uploads\/2023\/01\/Screenshot-2023-01-17-at-18.23.34-1024x1021.png 1024w, https:\/\/canmasdeu.net\/wp-content\/uploads\/2023\/01\/Screenshot-2023-01-17-at-18.23.34-300x300.png 300w, https:\/\/canmasdeu.net\/wp-content\/uploads\/2023\/01\/Screenshot-2023-01-17-at-18.23.34-150x150.png 150w, https:\/\/canmasdeu.net\/wp-content\/uploads\/2023\/01\/Screenshot-2023-01-17-at-18.23.34-768x765.png 768w, https:\/\/canmasdeu.net\/wp-content\/uploads\/2023\/01\/Screenshot-2023-01-17-at-18.23.34-1536x1531.png 1536w, https:\/\/canmasdeu.net\/wp-content\/uploads\/2023\/01\/Screenshot-2023-01-17-at-18.23.34.png 1770w\" sizes=\"auto, (max-width: 1024px) 100vw, 1024px\" \/><\/figure>\r\n\r\n\r\n\r\n<figure class=\"wp-block-image size-large\"><img loading=\"lazy\" decoding=\"async\" width=\"1007\" height=\"1024\" data-id=\"1057\" class=\"wp-image-1057\" src=\"https:\/\/canmasdeu.net\/wp-content\/uploads\/2023\/01\/Screenshot-2023-01-17-at-18.27.06-1007x1024.png\" alt=\"\" srcset=\"https:\/\/canmasdeu.net\/wp-content\/uploads\/2023\/01\/Screenshot-2023-01-17-at-18.27.06-1007x1024.png 1007w, https:\/\/canmasdeu.net\/wp-content\/uploads\/2023\/01\/Screenshot-2023-01-17-at-18.27.06-295x300.png 295w, https:\/\/canmasdeu.net\/wp-content\/uploads\/2023\/01\/Screenshot-2023-01-17-at-18.27.06-768x781.png 768w, https:\/\/canmasdeu.net\/wp-content\/uploads\/2023\/01\/Screenshot-2023-01-17-at-18.27.06-1511x1536.png 1511w, https:\/\/canmasdeu.net\/wp-content\/uploads\/2023\/01\/Screenshot-2023-01-17-at-18.27.06.png 1686w\" sizes=\"auto, (max-width: 1007px) 100vw, 1007px\" \/><\/figure>\r\n\r\n\r\n\r\n<figure class=\"wp-block-image size-large\"><img loading=\"lazy\" decoding=\"async\" width=\"1024\" height=\"779\" data-id=\"1044\" class=\"wp-image-1044\" src=\"https:\/\/canmasdeu.net\/wp-content\/uploads\/2023\/01\/Screenshot-2023-01-17-at-18.26.38-1024x779.png\" alt=\"\" srcset=\"https:\/\/canmasdeu.net\/wp-content\/uploads\/2023\/01\/Screenshot-2023-01-17-at-18.26.38-1024x779.png 1024w, https:\/\/canmasdeu.net\/wp-content\/uploads\/2023\/01\/Screenshot-2023-01-17-at-18.26.38-300x228.png 300w, https:\/\/canmasdeu.net\/wp-content\/uploads\/2023\/01\/Screenshot-2023-01-17-at-18.26.38-768x584.png 768w, https:\/\/canmasdeu.net\/wp-content\/uploads\/2023\/01\/Screenshot-2023-01-17-at-18.26.38-1536x1169.png 1536w, https:\/\/canmasdeu.net\/wp-content\/uploads\/2023\/01\/Screenshot-2023-01-17-at-18.26.38.png 1816w\" sizes=\"auto, (max-width: 1024px) 100vw, 1024px\" \/><\/figure>\r\n\r\n\r\n\r\n<figure class=\"wp-block-image size-large\"><img loading=\"lazy\" decoding=\"async\" width=\"963\" height=\"1024\" data-id=\"1047\" class=\"wp-image-1047\" src=\"https:\/\/canmasdeu.net\/wp-content\/uploads\/2023\/01\/Screenshot-2023-01-17-at-18.25.03-963x1024.png\" alt=\"\" srcset=\"https:\/\/canmasdeu.net\/wp-content\/uploads\/2023\/01\/Screenshot-2023-01-17-at-18.25.03-963x1024.png 963w, https:\/\/canmasdeu.net\/wp-content\/uploads\/2023\/01\/Screenshot-2023-01-17-at-18.25.03-282x300.png 282w, https:\/\/canmasdeu.net\/wp-content\/uploads\/2023\/01\/Screenshot-2023-01-17-at-18.25.03-768x817.png 768w, https:\/\/canmasdeu.net\/wp-content\/uploads\/2023\/01\/Screenshot-2023-01-17-at-18.25.03-1444x1536.png 1444w, https:\/\/canmasdeu.net\/wp-content\/uploads\/2023\/01\/Screenshot-2023-01-17-at-18.25.03.png 1666w\" sizes=\"auto, (max-width: 963px) 100vw, 963px\" \/><\/figure>\r\n<\/figure>\r\n\r\n\r\n\r\n<p>&nbsp;<\/p>\r\n\r\n\r\n\r\n<p>&nbsp;<\/p>","protected":false},"excerpt":{"rendered":"<p>&nbsp; \u00bfQu\u00e9 es?Es el centro social autogestionado de la Vall de Can Masdeu; nuestro Punto de Interacci\u00f3n en Collserola: PIC Cada jornada abierta es dinamizada y programada por un colectivo distinto, generalmente del area metropolitana, mientras que la coordinaci\u00f3n log\u00edstica del espacio corre a cargo de una comisi\u00f3n de trabajo \u00bfC\u00f3mo consulto la programaci\u00f3n?Puedes consultar [&hellip;]<\/p>\n","protected":false},"author":1,"featured_media":0,"parent":0,"menu_order":0,"comment_status":"closed","ping_status":"closed","template":"","meta":{"_uag_custom_page_level_css":"","cybocfi_hide_featured_image":"","footnotes":""},"class_list":["post-151","page","type-page","status-publish","hentry"],"uagb_featured_image_src":{"full":false,"thumbnail":false,"medium":false,"medium_large":false,"large":false,"1536x1536":false,"2048x2048":false,"trp-custom-language-flag":false},"uagb_author_info":{"display_name":"Admin \ud83e\ude84","author_link":"https:\/\/canmasdeu.net\/ca\/author\/canmasdeu42\/"},"uagb_comment_info":0,"uagb_excerpt":"&nbsp; \u00bfQu\u00e9 es?Es el centro social autogestionado de la Vall de Can Masdeu; nuestro Punto de Interacci\u00f3n en Collserola: PIC Cada jornada abierta es dinamizada y programada por un colectivo distinto, generalmente del area metropolitana, mientras que la coordinaci\u00f3n log\u00edstica del espacio corre a cargo de una comisi\u00f3n de trabajo \u00bfC\u00f3mo consulto la programaci\u00f3n?Puedes consultar&hellip;","_links":{"self":[{"href":"https:\/\/canmasdeu.net\/ca\/wp-json\/wp\/v2\/pages\/151","targetHints":{"allow":["GET"]}}],"collection":[{"href":"https:\/\/canmasdeu.net\/ca\/wp-json\/wp\/v2\/pages"}],"about":[{"href":"https:\/\/canmasdeu.net\/ca\/wp-json\/wp\/v2\/types\/page"}],"author":[{"embeddable":true,"href":"https:\/\/canmasdeu.net\/ca\/wp-json\/wp\/v2\/users\/1"}],"replies":[{"embeddable":true,"href":"https:\/\/canmasdeu.net\/ca\/wp-json\/wp\/v2\/comments?post=151"}],"version-history":[{"count":35,"href":"https:\/\/canmasdeu.net\/ca\/wp-json\/wp\/v2\/pages\/151\/revisions"}],"predecessor-version":[{"id":2825,"href":"https:\/\/canmasdeu.net\/ca\/wp-json\/wp\/v2\/pages\/151\/revisions\/2825"}],"wp:attachment":[{"href":"https:\/\/canmasdeu.net\/ca\/wp-json\/wp\/v2\/media?parent=151"}],"curies":[{"name":"wp","href":"https:\/\/api.w.org\/{rel}","templated":true}]}}